{"id":19,"date":"2022-12-13T21:21:51","date_gmt":"2022-12-13T20:21:51","guid":{"rendered":"http:\/\/pppopoczno.pl\/?page_id=19"},"modified":"2023-02-06T13:05:22","modified_gmt":"2023-02-06T12:05:22","slug":"orzecznictwo","status":"publish","type":"page","link":"https:\/\/pppopoczno.pl\/?page_id=19","title":{"rendered":"ORZECZNICTWO"},"content":{"rendered":"<p><strong>Zasady wydawania orzecze\u0144 w Zespole Orzekaj\u0105cym w Poradni Psychologiczno-Pedagogicznej w Opocznie<\/strong><\/p>\n<p>W Poradni Psychologiczno \u2013 Pedagogicznej w Opocznie z fili\u0105 w Drzewicy dzia\u0142a Zesp\u00f3\u0142 Orzekaj\u0105cy (zgodnie z aktualnym Rozporz\u0105dzeniem Ministra Edukacji Narodowej z dnia 7 wrze\u015bnia 2017 roku w sprawie orzecze\u0144 i opinii wydawanych przez zespo\u0142y orzekaj\u0105ce dzia\u0142aj\u0105ce w publicznych poradniach psychologiczno-pedagogicznych (Dz.U. z 2017, poz. 1743).<\/p>\n<p>Co do zasady, Zesp\u00f3\u0142 Orzekaj\u0105cy pracuje dwa razy w miesi\u0105cu. Posiedzenia Zespo\u0142u Orzekaj\u0105cego odbywaj\u0105 si\u0119 wed\u0142ug harmonogramu dost\u0119pnego w sekretariacie Poradni<\/p>\n<p>Zesp\u00f3\u0142 Orzekaj\u0105cy powo\u0142ywany jest przez Dyrektora Poradni. W jego sk\u0142ad wchodz\u0105:<\/p>\n<ul>\n<li>dyrektor \u2013 jako przewodnicz\u0105cy zespo\u0142u lub upowa\u017cniona przez niego osoba,<\/li>\n<li>psycholog, pedagog, lekarz,<\/li>\n<li>inni specjali\u015bci \u2013 je\u015bli niezb\u0119dny jest ich udzia\u0142.<\/li>\n<\/ul>\n<p>Zesp\u00f3\u0142 Orzekaj\u0105cy wydaje nast\u0119puj\u0105ce rodzaje dokument\u00f3w:<\/p>\n<ul>\n<li>orzeczenie o potrzebie kszta\u0142cenia specjalnego<\/li>\n<li>orzeczenie o potrzebie nauczania indywidualnego<\/li>\n<li>orzeczenie o potrzebie zaj\u0119\u0107 rewalidacyjno \u2013 wychowawczych<\/li>\n<li>opinie o potrzebie wczesnego wspomagania rozwoju dziecka.<\/li>\n<\/ul>\n<p><strong>KSZTA\u0141CENIE SPECJALNE<\/strong><\/p>\n<p>Orzeczenia <strong>o potrzebie kszta\u0142cenia specjalnego<\/strong> wydaje si\u0119 dla dzieci i uczni\u00f3w niepe\u0142nosprawnych, niedostosowanych spo\u0142ecznie oraz zagro\u017conych niedostosowaniem spo\u0142ecznym, wymagaj\u0105cych stosowania specjalnej organizacji nauki i metod pracy, o kt\u00f3rych mowa w przepisach w sprawie warunk\u00f3w organizowania kszta\u0142cenia, wychowania i opieki dla dzieci i m\u0142odzie\u017cy niepe\u0142nosprawnych, niedostosowanych spo\u0142ecznie, zagro\u017conych niedostosowaniem spo\u0142ecznym (Dz. U. z 21017 r., po. 1578)<\/p>\n<p>Orzeczenia wydaje si\u0119 uczniom:<\/p>\n<ul>\n<li>z niepe\u0142nosprawno\u015bci\u0105 intelektualn\u0105 (w stopniu lekkim, umiarkowanym i znacznym),<\/li>\n<li>nies\u0142ysz\u0105cym i s\u0142abos\u0142ysz\u0105cym,<\/li>\n<li>niewidz\u0105cym i s\u0142abowidz\u0105cym,<\/li>\n<li>z autyzmem, w tym z Zespo\u0142em Aspergera,<\/li>\n<li>z niepe\u0142nosprawno\u015bci\u0105 ruchow\u0105, w tym z afazj\u0105,<\/li>\n<li>z niepe\u0142nosprawno\u015bciami sprz\u0119\u017conymi.<\/li>\n<\/ul>\n<p>Orzeczenia <strong>o potrzebie kszta\u0142cenia specjalnego<\/strong> wydaje si\u0119 na okres wychowania przedszkolnego, roku szkolnego lub etapu edukacyjnego.<\/p>\n<p><strong>\u00a0<\/strong><\/p>\n<p><strong>NAUCZANIE INDYWIDUALNE<\/strong><\/p>\n<p>Orzeczenia <strong>o potrzebie nauczania indywidualnego<\/strong> wydawane s\u0105 dla dzieci i m\u0142odzie\u017cy, kt\u00f3rych stan zdrowia uniemo\u017cliwia lub znacznie utrudnia ucz\u0119szczanie do szko\u0142y. Wydaje si\u0119 je na czas okre\u015blony, wskazany w za\u015bwiadczeniu lekarskim, nie kr\u00f3tszy ni\u017c 30 dni i nie d\u0142u\u017cszy ni\u017c jeden rok szkolny.<\/p>\n<p>Orzeczenie okre\u015bla warunki, w jakich ucze\u0144 mo\u017ce realizowa\u0107 potrzeby edukacyjne oraz mo\u017cliwo\u015bci w zakresie uczestnictwa w \u017cyciu szko\u0142y, formy stymulacji, terapii, rozwijania mo\u017cliwo\u015bci i mocnych stron ucznia oraz inne formy pomocy psychologiczno \u2013 pedagogicznej.<\/p>\n<p><strong>ZAJ\u0118CIA REWALIDACYJNO-WYCHOWAWCZE<\/strong><\/p>\n<p>Orzeczenia\u00a0<strong>o potrzebie zaj\u0119\u0107 rewalidacyjno \u2013 wychowawczych\u00a0<\/strong>wydawane s\u0105 dla dzieci z niepe\u0142nosprawno\u015bci\u0105 intelektualn\u0105 w stopniu g\u0142\u0119bokim. Wydaje si\u0119 je na okres do 5 lat.<\/p>\n<p><em>Szczeg\u00f3\u0142y organizacji zaj\u0119\u0107 zawarte s\u0105\u00a0w Rozporz\u0105dzeniu MEN z dnia 23 kwietnia 2013 r. w sprawie warunk\u00f3w i sposobu organizowania zaj\u0119\u0107 rewalidacyjno-wychowawczych dla dzieci i m\u0142odzie\u017cy z upo\u015bledzeniem umys\u0142owym w stopniu g\u0142\u0119bokim(\u00a0Dz. U. z 2013r., poz. 529).<\/em><\/p>\n<p><strong>WCZESNE WSPOMAGANIE ROZWOJU<\/strong><\/p>\n<p>Opinie <strong>o potrzebie wczesnego wspomagania rozwoju<\/strong> dziecka wydaje si\u0119 dzieciom od chwili wykrycia niepe\u0142nosprawno\u015bci do czasu podj\u0119cia nauki w szkole.<\/p>\n<p>Szczeg\u00f3\u0142y zawiera Rozporz\u0105dzenie MEN Rozporz\u0105dzenie Ministra Edukacji Narodowej z dnia 24 sierpnia 2017 r. w sprawie organizowania wczesnego wspomagania rozwoju dzieci (Dz. U. z 2017 r., poz. 1635).<\/p>\n<p>&nbsp;<\/p>\n<p>W celu wydania opinii o potrzebie wczesnego \u00a0wspomagania\u00a0rozwoju dziecka lub\u00a0 orzeczenia\u00a0konieczne jest przeprowadzenie specjalistycznej diagnozy. Diagnoza przeprowadzana jest w dw\u00f3ch etapach: diagnoza psychologiczna i diagnoza pedagogiczna. Je\u017celi zachodzi taka potrzeba zleca si\u0119 r\u00f3wnie\u017c wykonanie diagnozy logopedycznej.\u00a0Je\u017celi\u00a0dziecko by\u0142o badane poza nasz\u0105 Poradni\u0105 nale\u017cy za\u0142\u0105czy\u0107 posiadane wyniki bada\u0144.<\/p>\n<p>Zesp\u00f3\u0142 Orzekaj\u0105cy wydaje orzeczenia dla dzieci i m\u0142odzie\u017cy ucz\u0119szczaj\u0105cej do szk\u00f3\u0142 i plac\u00f3wek maj\u0105cych siedzib\u0119 w rejonie dzia\u0142ania Poradni oraz dla dzieci mieszkaj\u0105cych na terenie dzia\u0142ania Poradni, kt\u00f3re nie rozpocz\u0119\u0142y nauki szkolnej i wychowania przedszkolnego<\/p>\n<p>Orzeczenia wydawane s\u0105 na pisemny wniosek rodzic\u00f3w\/prawnych opiekun\u00f3w lub pe\u0142noletniego ucznia.<\/p>\n<p>&nbsp;<\/p>\n<p><strong>Kolejno\u015b\u0107 etap\u00f3w ubiegania si\u0119 o orzeczenie\/opini\u0119 o WWRD:<\/strong><\/p>\n<ol>\n<li>Rodzic\/prawny opiekun\/pe\u0142noletni uczen\u0144 kontaktuje si\u0119 telefonicznie lub bezpo\u015brednio\u00a0 z sekretariatem Poradni w celu zapisania dziecka na badania psychologiczno-pedagogiczne. O terminie badania Rodzic\/prawny opiekun\/pe\u0142noletni ucze\u0144 zostaje poinformowany telefonicznie.<\/li>\n<li>Podczas wst\u0119pnego wywiadu rodzic\/ prawny opiekun\/pe\u0142noletni ucze\u0144 przedstawia posiadan\u0105 dokumentacj\u0119, w razie potrzeby ustala si\u0119 termin specjalistycznej diagnozy psychologiczno-pedagogicznej.<\/li>\n<li>Przeprowadzenie specjalistycznej diagnozy mo\u017cliwo\u015bci i potrzeb osoby badanej.<\/li>\n<li>Z\u0142o\u017cenie wniosku do Zespo\u0142u Orzekaj\u0105cego o wydanie orzeczenia\/opinii o WWRD.<\/li>\n<li>Posiedzenie Zespo\u0142u Orzekaj\u0105cego.<\/li>\n<li>Wydanie orzeczenia\/opinii o WWRD.<\/li>\n<\/ol>\n<p><strong>\u00a0<\/strong><\/p>\n<p><strong>WYMAGANE DOKUMENTY<\/strong><br \/>\n<strong>W celu rozpocz\u0119cia procedury wydawania orzeczenia niezb\u0119dne jest z\u0142o\u017cenie w Poradni \u00a0nast\u0119puj\u0105cych dokument\u00f3w:<\/strong><\/p>\n<ul>\n<li>W przypadku os\u00f3b\/uczni\u00f3w niewidomych, s\u0142abowidz\u0105cych dokumentacja medyczna informuj\u0105ca o wadzie dziecka oraz za\u015bwiadczenie lekarskie\u00a0 wype\u0142nione przez lekarza specjalist\u0119 w zakresie zaburzenia na druku\u00a0<u>Za\u015bwiadczenie Lekarza ZO.<\/u><\/li>\n<\/ul>\n<ul>\n<li>W przypadku os\u00f3b\/uczni\u00f3w nies\u0142ysz\u0105cych i s\u0142abos\u0142ysz\u0105cych\u00a0 dokumentacja medyczna informuj\u0105ca o wadzie dziecka: wyniki badania s\u0142uchu (m.in. audiogram) oraz za\u015bwiadczenie lekarskie\u00a0 wype\u0142nione przez lekarza specjalist\u0119 w zakresie zaburzenia na druku\u00a0<u>Za\u015bwiadczenie Lekarza ZO.<\/u><\/li>\n<\/ul>\n<ul>\n<li>W przypadku os\u00f3b\/uczni\u00f3w z autyzmem, Zespo\u0142em Aspergera za\u015bwiadczenie lekarskie\u00a0 wype\u0142nione przez lekarza specjalist\u0119 w zakresie zaburzenia na druku\u00a0<u>Za\u015bwiadczenie Lekarza ZO.<\/u><\/li>\n<\/ul>\n<ul>\n<li>W przypadku os\u00f3b\/uczni\u00f3w dzieci z afazj\u0105 \/ niepe\u0142nosprawno\u015bci\u0105 ruchow\u0105 za\u015bwiadczenie lekarskie\u00a0 wype\u0142nione przez lekarza specjalist\u0119 w zakresie zaburzenia na druku\u00a0<u>Za\u015bwiadczenie Lekarza ZO.<\/u><\/li>\n<\/ul>\n<ul>\n<li>W przypadku os\u00f3b\/uczni\u00f3w zagro\u017conych niedostosowaniem spo\u0142ecznym, niedostosowanych spo\u0142ecznie &#8211; za\u015bwiadczenie lekarskie\u00a0 wype\u0142nione przez lekarza specjalist\u0119 w zakresie zaburzenia na druku\u00a0<u>Za\u015bwiadczenie Lekarza ZO.<\/u><\/li>\n<li>W przypadku ubiegania si\u0119 o opini\u0119 o wczesnym wspomaganiu rozwoju dziecka- za\u015bwiadczenie lekarskie\u00a0 wype\u0142nione przez lekarza specjalist\u0119 w zakresie zaburzenia na druku <u>Za\u015bwiadczenie Lekarza WWRD.<\/u><\/li>\n<\/ul>\n<ul>\n<li>Dokumentacja medyczna dotycz\u0105ca innych dolegliwo\u015bci medycznych w przypadku podj\u0119tego lub wskaza\u0144 do leczenia specjalistycznego.<\/li>\n<\/ul>\n<ul>\n<li>Opinia ze szko\u0142y\/ przedszkola informuj\u0105ca o funkcjonowaniu \u00a0dziecka (je\u015bli dziecko ucz\u0119szcza\u0142o do plac\u00f3wki).<\/li>\n<\/ul>\n<ul>\n<li>Dokumentacja i wyniki dotychczas przeprowadzanych bada\u0144 psychologicznych i pedagogicznych (je\u015bli dziecko by\u0142o pod opiek\u0105 innej plac\u00f3wki lub osoby \u015bwiadcz\u0105cej diagnoz\u0119 lub pomoc psychologiczno-pedagogiczn\u0105).<\/li>\n<\/ul>\n<ul>\n<li>Informacja od terapeut\u00f3w \u00a0o przebiegu dotychczas podejmowanych form pomocy terapeutycznej.<\/li>\n<\/ul>\n<ul>\n<li>Inna dokumentacja (m.in. orzeczenie o niepe\u0142nosprawno\u015bci dziecka wydane przez Zesp\u00f3\u0142 Orzekaj\u0105cy o Niepe\u0142nosprawno\u015bci).<\/li>\n<\/ul>\n<ul>\n<li>W przypadku wniosku o wydanie orzeczenia o potrzebie indywidualnego nauczania wymagane jest za\u015bwiadczenie lekarskie o stanie zdrowia dziecka w zwi\u0105zku ze stanem zdrowia znacznie utrudniaj\u0105cym lub uniemo\u017cliwiaj\u0105cym ucz\u0119szczanie do szko\u0142y wype\u0142nione przez lekarza specjalist\u0119 na druku\u00a0<u>Za\u015bwiadczenie Lekarz ZO<\/u>\u00a0\u2013 wa\u017cnym przez miesi\u0105c od daty wystawienia.<\/li>\n<\/ul>\n<ul>\n<li><u>Za\u015bwiadczenie lekarza medycyny pracy<\/u>\u00a0okre\u015blaj\u0105ce mo\u017cliwo\u015b\u0107 dalszej realizacji praktycznej nauki zawodu\u00a0\u00a0w przypadku ucznia szko\u0142y prowadz\u0105cej kszta\u0142cenie w zawodzie.<\/li>\n<\/ul>\n<p>&nbsp;<\/p>\n<p><strong>Druki za\u015bwiadcze\u0144 lekarskich\u00a0 s\u0105 dost\u0119pne w sekretariacie poradni<\/strong> <strong>oraz do pobrania ze strony internetowej poradni. <\/strong><\/p>\n","protected":false},"excerpt":{"rendered":"<p>Zasady wydawania orzecze\u0144 w Zespole Orzekaj\u0105cym w Poradni Psychologiczno-Pedagogicznej w Opocznie W Poradni Psychologiczno \u2013 Pedagogicznej w Opocznie z fili\u0105 w Drzewicy dzia\u0142a Zesp\u00f3\u0142 Orzekaj\u0105cy (zgodnie z aktualnym Rozporz\u0105dzeniem Ministra Edukacji Narodowej z dnia 7 wrze\u015bnia 2017 roku w sprawie orzecze\u0144 i opinii wydawanych przez zespo\u0142y orzekaj\u0105ce dzia\u0142aj\u0105ce w publicznych poradniach psychologiczno-pedagogicznych (Dz.U. z 2017, [&hellip;]<\/p>\n","protected":false},"author":1,"featured_media":0,"parent":17,"menu_order":0,"comment_status":"closed","ping_status":"closed","template":"","meta":{"footnotes":""},"class_list":["post-19","page","type-page","status-publish","hentry"],"yoast_head":"<!-- This site is optimized with the Yoast SEO plugin v26.0 - https:\/\/yoast.com\/wordpress\/plugins\/seo\/ -->\n<title>ORZECZNICTWO - Poradnia Psychologiczno-Pedagogiczna w Opocznie z fili\u0105 w Drzewicy<\/title>\n<meta name=\"robots\" content=\"index, follow, max-snippet:-1, max-image-preview:large, max-video-preview:-1\" \/>\n<link rel=\"canonical\" href=\"https:\/\/pppopoczno.pl\/?page_id=19\" \/>\n<meta property=\"og:locale\" content=\"pl_PL\" \/>\n<meta property=\"og:type\" content=\"article\" \/>\n<meta property=\"og:title\" content=\"ORZECZNICTWO - Poradnia Psychologiczno-Pedagogiczna w Opocznie z fili\u0105 w Drzewicy\" \/>\n<meta property=\"og:description\" content=\"Zasady wydawania orzecze\u0144 w Zespole Orzekaj\u0105cym w Poradni Psychologiczno-Pedagogicznej w Opocznie W Poradni Psychologiczno \u2013 Pedagogicznej w Opocznie z fili\u0105 w Drzewicy dzia\u0142a Zesp\u00f3\u0142 Orzekaj\u0105cy (zgodnie z aktualnym Rozporz\u0105dzeniem Ministra Edukacji Narodowej z dnia 7 wrze\u015bnia 2017 roku w sprawie orzecze\u0144 i opinii wydawanych przez zespo\u0142y orzekaj\u0105ce dzia\u0142aj\u0105ce w publicznych poradniach psychologiczno-pedagogicznych (Dz.U. z 2017, [&hellip;]\" \/>\n<meta property=\"og:url\" content=\"https:\/\/pppopoczno.pl\/?page_id=19\" \/>\n<meta property=\"og:site_name\" content=\"Poradnia Psychologiczno-Pedagogiczna w Opocznie z fili\u0105 w Drzewicy\" \/>\n<meta property=\"article:modified_time\" content=\"2023-02-06T12:05:22+00:00\" \/>\n<meta name=\"twitter:card\" content=\"summary_large_image\" \/>\n<meta name=\"twitter:label1\" content=\"Szacowany czas czytania\" \/>\n\t<meta name=\"twitter:data1\" content=\"6 minut\" \/>\n<script type=\"application\/ld+json\" class=\"yoast-schema-graph\">{\"@context\":\"https:\/\/schema.org\",\"@graph\":[{\"@type\":\"WebPage\",\"@id\":\"https:\/\/pppopoczno.pl\/?page_id=19\",\"url\":\"https:\/\/pppopoczno.pl\/?page_id=19\",\"name\":\"ORZECZNICTWO - Poradnia Psychologiczno-Pedagogiczna w Opocznie z fili\u0105 w Drzewicy\",\"isPartOf\":{\"@id\":\"https:\/\/pppopoczno.pl\/#website\"},\"datePublished\":\"2022-12-13T20:21:51+00:00\",\"dateModified\":\"2023-02-06T12:05:22+00:00\",\"breadcrumb\":{\"@id\":\"https:\/\/pppopoczno.pl\/?page_id=19#breadcrumb\"},\"inLanguage\":\"pl-PL\",\"potentialAction\":[{\"@type\":\"ReadAction\",\"target\":[\"https:\/\/pppopoczno.pl\/?page_id=19\"]}]},{\"@type\":\"BreadcrumbList\",\"@id\":\"https:\/\/pppopoczno.pl\/?page_id=19#breadcrumb\",\"itemListElement\":[{\"@type\":\"ListItem\",\"position\":1,\"name\":\"O PORADNI\",\"item\":\"https:\/\/pppopoczno.pl\/?page_id=17\"},{\"@type\":\"ListItem\",\"position\":2,\"name\":\"ORZECZNICTWO\"}]},{\"@type\":\"WebSite\",\"@id\":\"https:\/\/pppopoczno.pl\/#website\",\"url\":\"https:\/\/pppopoczno.pl\/\",\"name\":\"Poradnia Psychologiczno-Pedagogiczna w Opocznie z fili\u0105 w Drzewicy\",\"description\":\"&quot;Cz\u0142owiek jest tyle wart, ile mo\u017ce da\u0107 drugiemu cz\u0142owiekowi&quot; \u2013 Jan Pawe\u0142 II\",\"publisher\":{\"@id\":\"https:\/\/pppopoczno.pl\/#organization\"},\"potentialAction\":[{\"@type\":\"SearchAction\",\"target\":{\"@type\":\"EntryPoint\",\"urlTemplate\":\"https:\/\/pppopoczno.pl\/?s={search_term_string}\"},\"query-input\":{\"@type\":\"PropertyValueSpecification\",\"valueRequired\":true,\"valueName\":\"search_term_string\"}}],\"inLanguage\":\"pl-PL\"},{\"@type\":\"Organization\",\"@id\":\"https:\/\/pppopoczno.pl\/#organization\",\"name\":\"Poradnia Psychologiczno-Pedagogiczna w Opocznie z fili\u0105 w Drzewicy\",\"url\":\"https:\/\/pppopoczno.pl\/\",\"logo\":{\"@type\":\"ImageObject\",\"inLanguage\":\"pl-PL\",\"@id\":\"https:\/\/pppopoczno.pl\/#\/schema\/logo\/image\/\",\"url\":\"\",\"contentUrl\":\"\",\"caption\":\"Poradnia Psychologiczno-Pedagogiczna w Opocznie z fili\u0105 w Drzewicy\"},\"image\":{\"@id\":\"https:\/\/pppopoczno.pl\/#\/schema\/logo\/image\/\"}}]}<\/script>\n<!-- \/ Yoast SEO plugin. -->","yoast_head_json":{"title":"ORZECZNICTWO - Poradnia Psychologiczno-Pedagogiczna w Opocznie z fili\u0105 w Drzewicy","robots":{"index":"index","follow":"follow","max-snippet":"max-snippet:-1","max-image-preview":"max-image-preview:large","max-video-preview":"max-video-preview:-1"},"canonical":"https:\/\/pppopoczno.pl\/?page_id=19","og_locale":"pl_PL","og_type":"article","og_title":"ORZECZNICTWO - Poradnia Psychologiczno-Pedagogiczna w Opocznie z fili\u0105 w Drzewicy","og_description":"Zasady wydawania orzecze\u0144 w Zespole Orzekaj\u0105cym w Poradni Psychologiczno-Pedagogicznej w Opocznie W Poradni Psychologiczno \u2013 Pedagogicznej w Opocznie z fili\u0105 w Drzewicy dzia\u0142a Zesp\u00f3\u0142 Orzekaj\u0105cy (zgodnie z aktualnym Rozporz\u0105dzeniem Ministra Edukacji Narodowej z dnia 7 wrze\u015bnia 2017 roku w sprawie orzecze\u0144 i opinii wydawanych przez zespo\u0142y orzekaj\u0105ce dzia\u0142aj\u0105ce w publicznych poradniach psychologiczno-pedagogicznych (Dz.U. z 2017, [&hellip;]","og_url":"https:\/\/pppopoczno.pl\/?page_id=19","og_site_name":"Poradnia Psychologiczno-Pedagogiczna w Opocznie z fili\u0105 w Drzewicy","article_modified_time":"2023-02-06T12:05:22+00:00","twitter_card":"summary_large_image","twitter_misc":{"Szacowany czas czytania":"6 minut"},"schema":{"@context":"https:\/\/schema.org","@graph":[{"@type":"WebPage","@id":"https:\/\/pppopoczno.pl\/?page_id=19","url":"https:\/\/pppopoczno.pl\/?page_id=19","name":"ORZECZNICTWO - Poradnia Psychologiczno-Pedagogiczna w Opocznie z fili\u0105 w Drzewicy","isPartOf":{"@id":"https:\/\/pppopoczno.pl\/#website"},"datePublished":"2022-12-13T20:21:51+00:00","dateModified":"2023-02-06T12:05:22+00:00","breadcrumb":{"@id":"https:\/\/pppopoczno.pl\/?page_id=19#breadcrumb"},"inLanguage":"pl-PL","potentialAction":[{"@type":"ReadAction","target":["https:\/\/pppopoczno.pl\/?page_id=19"]}]},{"@type":"BreadcrumbList","@id":"https:\/\/pppopoczno.pl\/?page_id=19#breadcrumb","itemListElement":[{"@type":"ListItem","position":1,"name":"O PORADNI","item":"https:\/\/pppopoczno.pl\/?page_id=17"},{"@type":"ListItem","position":2,"name":"ORZECZNICTWO"}]},{"@type":"WebSite","@id":"https:\/\/pppopoczno.pl\/#website","url":"https:\/\/pppopoczno.pl\/","name":"Poradnia Psychologiczno-Pedagogiczna w Opocznie z fili\u0105 w Drzewicy","description":"&quot;Cz\u0142owiek jest tyle wart, ile mo\u017ce da\u0107 drugiemu cz\u0142owiekowi&quot; \u2013 Jan Pawe\u0142 II","publisher":{"@id":"https:\/\/pppopoczno.pl\/#organization"},"potentialAction":[{"@type":"SearchAction","target":{"@type":"EntryPoint","urlTemplate":"https:\/\/pppopoczno.pl\/?s={search_term_string}"},"query-input":{"@type":"PropertyValueSpecification","valueRequired":true,"valueName":"search_term_string"}}],"inLanguage":"pl-PL"},{"@type":"Organization","@id":"https:\/\/pppopoczno.pl\/#organization","name":"Poradnia Psychologiczno-Pedagogiczna w Opocznie z fili\u0105 w Drzewicy","url":"https:\/\/pppopoczno.pl\/","logo":{"@type":"ImageObject","inLanguage":"pl-PL","@id":"https:\/\/pppopoczno.pl\/#\/schema\/logo\/image\/","url":"","contentUrl":"","caption":"Poradnia Psychologiczno-Pedagogiczna w Opocznie z fili\u0105 w Drzewicy"},"image":{"@id":"https:\/\/pppopoczno.pl\/#\/schema\/logo\/image\/"}}]}},"_links":{"self":[{"href":"https:\/\/pppopoczno.pl\/index.php?rest_route=\/wp\/v2\/pages\/19","targetHints":{"allow":["GET"]}}],"collection":[{"href":"https:\/\/pppopoczno.pl\/index.php?rest_route=\/wp\/v2\/pages"}],"about":[{"href":"https:\/\/pppopoczno.pl\/index.php?rest_route=\/wp\/v2\/types\/page"}],"author":[{"embeddable":true,"href":"https:\/\/pppopoczno.pl\/index.php?rest_route=\/wp\/v2\/users\/1"}],"replies":[{"embeddable":true,"href":"https:\/\/pppopoczno.pl\/index.php?rest_route=%2Fwp%2Fv2%2Fcomments&post=19"}],"version-history":[{"count":5,"href":"https:\/\/pppopoczno.pl\/index.php?rest_route=\/wp\/v2\/pages\/19\/revisions"}],"predecessor-version":[{"id":143,"href":"https:\/\/pppopoczno.pl\/index.php?rest_route=\/wp\/v2\/pages\/19\/revisions\/143"}],"up":[{"embeddable":true,"href":"https:\/\/pppopoczno.pl\/index.php?rest_route=\/wp\/v2\/pages\/17"}],"wp:attachment":[{"href":"https:\/\/pppopoczno.pl\/index.php?rest_route=%2Fwp%2Fv2%2Fmedia&parent=19"}],"curies":[{"name":"wp","href":"https:\/\/api.w.org\/{rel}","templated":true}]}}